{"id":4894,"date":"2024-03-06T10:52:01","date_gmt":"2024-03-06T10:52:01","guid":{"rendered":"https:\/\/addevmaterials.com\/?page_id=4894"},"modified":"2026-02-22T20:48:56","modified_gmt":"2026-02-22T20:48:56","slug":"interview-met-joann-gomez-logistiek-manager","status":"publish","type":"page","link":"https:\/\/addevmaterials.com\/nl\/interview-de-joann-gomez-responsable-logistique\/","title":{"rendered":"Interview met Joann GOMEZ: Logistiek manager"},"content":{"rendered":"<div data-elementor-type=\"wp-page\" data-elementor-id=\"4894\" class=\"elementor elementor-4894\" data-elementor-post-type=\"page\">\n\t\t\t\t\t\t<section class=\"elementor-section elementor-top-section elementor-element elementor-element-6cded34 elementor-section-boxed elementor-section-height-default elementor-section-height-default\" data-id=\"6cded34\" data-element_type=\"section\" data-e-type=\"section\" data-settings=\"{&quot;background_background&quot;:&quot;classic&quot;}\">\n\t\t\t\t\t\t\t<div class=\"elementor-background-overlay\"><\/div>\n\t\t\t\t\t\t\t<div class=\"elementor-container elementor-column-gap-default\">\n\t\t\t\t\t<div class=\"elementor-column elementor-col-100 elementor-top-column elementor-element elementor-element-a9954d9\" data-id=\"a9954d9\" data-element_type=\"column\" data-e-type=\"column\">\n\t\t\t<div class=\"elementor-widget-wrap elementor-element-populated\">\n\t\t\t\t\t\t<div class=\"elementor-element elementor-element-b7f930e elementor-widget elementor-widget-heading\" data-id=\"b7f930e\" data-element_type=\"widget\" data-e-type=\"widget\" data-widget_type=\"heading.default\">\n\t\t\t\t<div class=\"elementor-widget-container\">\n\t\t\t\t\t<h1 class=\"elementor-heading-title elementor-size-default\"><h2 data-elementor-setting-key=\"title\" data-pen-placeholder=\"\u00c9crivez ici...\" style=\"color: var( --e-global-color-primary );font-family: Questrial, sans-serif;font-weight: var( --e-global-typography-primary-font-weight )\"><span style=\"font-family: var( --e-global-typography-primary-font-family ), Sans-serif;font-size: 48px;font-weight: var( --e-global-typography-primary-font-weight )\">Interview met Joann GOMEZ: Logistiek manager<\/span><span style=\"font-family: var( --e-global-typography-primary-font-family ), Sans-serif;font-size: 48px;font-weight: var( --e-global-typography-primary-font-weight )\"><\/span><br><\/h2><\/h1>\t\t\t\t<\/div>\n\t\t\t\t<\/div>\n\t\t\t\t\t<\/div>\n\t\t<\/div>\n\t\t\t\t\t<\/div>\n\t\t<\/section>\n\t\t<div class=\"elementor-element elementor-element-961c46b e-flex e-con-boxed e-con e-parent\" data-id=\"961c46b\" data-element_type=\"container\" data-e-type=\"container\">\n\t\t\t\t\t<div class=\"e-con-inner\">\n\t\t\t\t<div class=\"elementor-element elementor-element-2241a35 elementor-widget elementor-widget-text-editor\" data-id=\"2241a35\" data-element_type=\"widget\" data-e-type=\"widget\" data-widget_type=\"text-editor.default\">\n\t\t\t\t<div class=\"elementor-widget-container\">\n\t\t\t\t\t\t\t\t\t<p><strong>Naam :<\/strong>\u00a0Joann GOMEZ<\/p><p><strong>Functie :<\/strong>\u00a0Logistiek manager bij ANDPAK<\/p><p><strong>Anci\u00ebnniteit, verantwoordelijkheden en ervaring bij ANDPAK (ADDEV Materials) :\u00a0<\/strong>Mijn carri\u00e8re bij Andpak begon in 2010 als tijdelijke verpakkingsmonteur. Ik werkte op verschillende productielijnen en deed kennis en ervaring op in verschillende soorten verpakkingsprocessen.<\/p><p>In 2012 solliciteerde ik en werd aangenomen voor een openstaande functie als voorraadbeheerder in het magazijn om fulltime in dienst te komen bij Andpak. Hier begon mijn carri\u00e8re in de logistiek. Ik was verantwoordelijk voor het organiseren en stroomlijnen van de doorstromingsprocessen in het magazijn. Daarna werd ik gepromoveerd tot voorraadbeheerder. Uiteindelijk verliet ik het bedrijf om een andere opportuniteit aan te nemen, maar na 6 maanden werd ik opnieuw aangeworven door Andpak als warehouse supervisor.<\/p><p>In 2023 werd ik gepromoveerd tot Logistiek Manager dankzij mijn vastberadenheid om de processen tussen het magazijn en de productiewerkplaats voortdurend te verbeteren en de afdeling zo effectief mogelijk te organiseren.<br \/>Het was een grote sprong naar een managementrol binnen het executive team, maar met de steun en het vertrouwen van mijn collega's lukte het me om het aan te nemen.<\/p><p><strong>Welke onderzoeken heb je gedaan en waarom?<\/strong><\/p><p>Ik had geen ervaring met verpakken of opslag toen ik als uitzendkracht bij Andpak begon. Ik heb geen formele opleiding genoten, maar deze baan heeft me gered van een leven waar ik nooit meer naar terug wil. Andpak heeft me gegeven wat ik nodig heb om gemotiveerd en succesvol te zijn in wat ik doe.<\/p><p><strong>Je bent volledig autodidact, dus hoe is het je gelukt om dit verantwoordelijkheidsniveau binnen het bedrijf te bereiken?<\/strong><\/p><p>Ik ben een ruwe tante, maar ik heb in de loop der jaren veel geleerd om een goede manager te worden die leiding kan geven aan een ondersteunend team. Mijn promotie tot Logistiek Manager geeft me de kans om andere vrouwen te begeleiden die zich in dezelfde situatie als ik bevinden of hebben bevonden. Ik wil de mentor zijn die mijn mentoren voor mij waren.<\/p><p>Dankzij het mentorschap van Derrik Smith en de kennis die hij me gaf om te slagen in mijn rol in het magazijn, ben ik goed voorbereid op mijn rol als logistiek manager. Linda Fedalizo-Hughes' mentorschap en vertrouwen in mij toen ik dacht dat ik in geen enkele rol bij Andpak kon slagen, zijn mijn grootste aanmoediging geweest. Derrik, Linda en Matt Webb hebben me begeleid, gesteund en gepusht om dingen te doen waarvan ik niet wist dat ik het kon. Ik heb veel \u00e9\u00e9n-op-\u00e9\u00e9n sessies met elk van hen gehad om me te stimuleren toen ik dacht dat ik het werk niet aankon en mijn functie wilde opgeven. Ik moet nog veel leren, maar ik weet dat ik met de steun en het vertrouwen van mijn managementteam in mij, me zal ontwikkelen en de beste logistiek manager zal worden die ik kan zijn.<\/p><p>Ik ben trots op de vrouw die ik geworden ben dankzij Andpak. Ik ben een beter persoon in mijn professionele en persoonlijke leven. Ik zie de wereld anders omdat mensen in me geloofden en me de kans gaven om een waardevol teamlid en een volleerd leider te worden die andere vrouwen van dienst wil zijn. Ik heb nog veel te leren, maar ik ben klaar voor de uitdaging.<\/p><p><strong>Wat zijn de sterke punten en moeilijkheden die je bent tegengekomen in je carri\u00e8re?<\/strong><\/p><p>Het moeilijkste was om een managementfunctie te krijgen met mijn collega's. Ik moest leren om professioneler te zijn en me meer te gedragen als leider dan als vriend. Ik moest leren me professioneler op te stellen en me meer als een leider te gedragen dan als een vriend. Het was moeilijk om onderscheid te maken tussen leiderschap en vriendschap.<\/p><p>Ik ondervond een paar problemen:<br \/>- Als ik werk aan anderen delegeerde, werkte ik heel goed als een individuele medewerker omdat ik wist dat ik een klus kon klaren en dat het goed werd gedaan.<br \/>- Leren hoe ik mijn personeel effectief kan trainen<br \/>- Begrijp de algemene situatie van het bedrijf en leer hoe de operaties als geheel werken en hoe elke afdeling werkt.<br \/>- Mensen leren kennen, in het bijzonder communiceren met verschillende persoonlijkheidstypes.<br \/>- De grootste moeilijkheid die ik heb moeten overwinnen is en blijft in mezelf geloven en niet aan mezelf twijfelen.<\/p><p>Maar ik denk dat ik ook veel persoonlijke sterke punten naar Andpak heb gebracht:<\/p><p>- Ik ben een teamspeler<br \/>- Ik geef om mijn baan en het bedrijf en ik doe wat gedaan moet worden, wat er ook nodig is om van ons bedrijf een succes te maken.<br \/>- Ik vraag om hulp als ik die nodig heb en ik ben in staat om transparant, open en eerlijk te zijn tegen mijn mentoren.<\/p><p><strong>Zijn er volgens u en op basis van uw ervaring de laatste jaren dingen veranderd voor vrouwen en welke moeilijkheden zijn er nog (studies en bedrijven)?<\/strong><\/p><p>Ik zie meer kansen en deuren opengaan voor vrouwen in verschillende soorten functies. De functies die vrouwen nu bekleden zijn functies waarvoor ze vroeger niet in aanmerking zouden zijn gekomen. Ik denk dat vrouwen elkaar versterken, elkaar opbouwen. Niets houdt vrouwen tegen, we hebben een vrouwelijke vice-president van de Verenigde Staten gehad en vrouwen aan het hoofd van bedrijven die als rolmodel dienen om andere vrouwen te laten zien dat ze alles kunnen doen wat ze willen.<\/p><p><strong>Welk advies zou je geven aan vrouwen die in een beroep als het jouwe willen werken, maar ook aan werkgevers die op zoek zijn naar industri\u00eble profielen?<\/strong><\/p><p>Laat niets of niemand je tegenhouden om je doelen na te streven! Weet altijd waar je vandaan komt en gebruik je ervaring om beter te worden en het door te geven aan anderen.<\/p>\t\t\t\t\t\t\t\t<\/div>\n\t\t\t\t<\/div>\n\t\t\t\t\t<\/div>\n\t\t\t\t<\/div>\n\t\t\t\t<\/div>","protected":false},"excerpt":{"rendered":"<p>Interview de Joann GOMEZ : Responsable Logistique Nom :\u00a0Joann GOMEZ Fonction :\u00a0Responsable logistique chez ANDPAK Anciennet\u00e9, responsabilit\u00e9s et exp\u00e9rience chez ANDPAK (ADDEV Materials) :\u00a0Ma carri\u00e8re chez Andpak a commenc\u00e9 en 2010 en tant que technicienne d\u2019emballage en int\u00e9rim. J&rsquo;ai travaill\u00e9 sur diff\u00e9rentes lignes de production en acqu\u00e9rant des connaissances et de l\u2019exp\u00e9rience dans les diff\u00e9rents [&hellip;]<\/p>\n","protected":false},"author":2,"featured_media":4496,"parent":0,"menu_order":0,"comment_status":"closed","ping_status":"closed","template":"elementor_header_footer","meta":{"footnotes":""},"class_list":["post-4894","page","type-page","status-publish","has-post-thumbnail","hentry"],"yoast_head":"<!-- This site is optimized with the Yoast SEO plugin v27.5 - https:\/\/yoast.com\/product\/yoast-seo-wordpress\/ -->\n<title>Interview de Joann GOMEZ : Responsable Logistique - ADDEV Materials<\/title>\n<meta name=\"robots\" content=\"index, follow, max-snippet:-1, max-image-preview:large, max-video-preview:-1\" \/>\n<link rel=\"canonical\" href=\"https:\/\/addevmaterials.com\/nl\/interview-met-joann-gomez-logistiek-manager\/\" \/>\n<meta property=\"og:locale\" content=\"nl_BE\" \/>\n<meta property=\"og:type\" content=\"article\" \/>\n<meta property=\"og:title\" content=\"Interview de Joann GOMEZ : Responsable Logistique - ADDEV Materials\" \/>\n<meta property=\"og:description\" content=\"Interview de Joann GOMEZ : Responsable Logistique Nom :\u00a0Joann GOMEZ Fonction :\u00a0Responsable logistique chez ANDPAK Anciennet\u00e9, responsabilit\u00e9s et exp\u00e9rience chez ANDPAK (ADDEV Materials) :\u00a0Ma carri\u00e8re chez Andpak a commenc\u00e9 en 2010 en tant que technicienne d\u2019emballage en int\u00e9rim. J&rsquo;ai travaill\u00e9 sur diff\u00e9rentes lignes de production en acqu\u00e9rant des connaissances et de l\u2019exp\u00e9rience dans les diff\u00e9rents [&hellip;]\" \/>\n<meta property=\"og:url\" content=\"https:\/\/addevmaterials.com\/nl\/interview-met-joann-gomez-logistiek-manager\/\" \/>\n<meta property=\"og:site_name\" content=\"ADDEV Materials\" \/>\n<meta property=\"article:modified_time\" content=\"2026-02-22T20:48:56+00:00\" \/>\n<meta property=\"og:image\" content=\"https:\/\/addevmaterials.com\/wp-content\/uploads\/2023\/11\/famille2-1.png\" \/>\n\t<meta property=\"og:image:width\" content=\"625\" \/>\n\t<meta property=\"og:image:height\" content=\"375\" \/>\n\t<meta property=\"og:image:type\" content=\"image\/png\" \/>\n<meta name=\"twitter:card\" content=\"summary_large_image\" \/>\n<meta name=\"twitter:label1\" content=\"Geschatte leestijd\" \/>\n\t<meta name=\"twitter:data1\" content=\"5 minuten\" \/>\n<script type=\"application\/ld+json\" class=\"yoast-schema-graph\">{\"@context\":\"https:\\\/\\\/schema.org\",\"@graph\":[{\"@type\":\"WebPage\",\"@id\":\"https:\\\/\\\/addevmaterials.com\\\/interview-de-joann-gomez-responsable-logistique\\\/\",\"url\":\"https:\\\/\\\/addevmaterials.com\\\/interview-de-joann-gomez-responsable-logistique\\\/\",\"name\":\"Interview de Joann GOMEZ : Responsable Logistique - ADDEV Materials\",\"isPartOf\":{\"@id\":\"https:\\\/\\\/addevmaterials.com\\\/fr\\\/#website\"},\"primaryImageOfPage\":{\"@id\":\"https:\\\/\\\/addevmaterials.com\\\/interview-de-joann-gomez-responsable-logistique\\\/#primaryimage\"},\"image\":{\"@id\":\"https:\\\/\\\/addevmaterials.com\\\/interview-de-joann-gomez-responsable-logistique\\\/#primaryimage\"},\"thumbnailUrl\":\"https:\\\/\\\/addevmaterials.com\\\/wp-content\\\/uploads\\\/2023\\\/11\\\/famille2-1.png\",\"datePublished\":\"2024-03-06T10:52:01+00:00\",\"dateModified\":\"2026-02-22T20:48:56+00:00\",\"breadcrumb\":{\"@id\":\"https:\\\/\\\/addevmaterials.com\\\/interview-de-joann-gomez-responsable-logistique\\\/#breadcrumb\"},\"inLanguage\":\"nl-BE\",\"potentialAction\":[{\"@type\":\"ReadAction\",\"target\":[\"https:\\\/\\\/addevmaterials.com\\\/interview-de-joann-gomez-responsable-logistique\\\/\"]}]},{\"@type\":\"ImageObject\",\"inLanguage\":\"nl-BE\",\"@id\":\"https:\\\/\\\/addevmaterials.com\\\/interview-de-joann-gomez-responsable-logistique\\\/#primaryimage\",\"url\":\"https:\\\/\\\/addevmaterials.com\\\/wp-content\\\/uploads\\\/2023\\\/11\\\/famille2-1.png\",\"contentUrl\":\"https:\\\/\\\/addevmaterials.com\\\/wp-content\\\/uploads\\\/2023\\\/11\\\/famille2-1.png\",\"width\":625,\"height\":375},{\"@type\":\"BreadcrumbList\",\"@id\":\"https:\\\/\\\/addevmaterials.com\\\/interview-de-joann-gomez-responsable-logistique\\\/#breadcrumb\",\"itemListElement\":[{\"@type\":\"ListItem\",\"position\":1,\"name\":\"Accueil\",\"item\":\"https:\\\/\\\/addevmaterials.com\\\/\"},{\"@type\":\"ListItem\",\"position\":2,\"name\":\"Interview de Joann GOMEZ : Responsable Logistique\"}]},{\"@type\":\"WebSite\",\"@id\":\"https:\\\/\\\/addevmaterials.com\\\/fr\\\/#website\",\"url\":\"https:\\\/\\\/addevmaterials.com\\\/fr\\\/\",\"name\":\"ADDEV Materials\",\"description\":\"\",\"potentialAction\":[{\"@type\":\"SearchAction\",\"target\":{\"@type\":\"EntryPoint\",\"urlTemplate\":\"https:\\\/\\\/addevmaterials.com\\\/fr\\\/?s={search_term_string}\"},\"query-input\":{\"@type\":\"PropertyValueSpecification\",\"valueRequired\":true,\"valueName\":\"search_term_string\"}}],\"inLanguage\":\"nl-BE\"}]}<\/script>\n<!-- \/ Yoast SEO plugin. -->","yoast_head_json":{"title":"Interview met Joann GOMEZ: Logistiek manager - ADDEV Materials","robots":{"index":"index","follow":"follow","max-snippet":"max-snippet:-1","max-image-preview":"max-image-preview:large","max-video-preview":"max-video-preview:-1"},"canonical":"https:\/\/addevmaterials.com\/nl\/interview-met-joann-gomez-logistiek-manager\/","og_locale":"nl_BE","og_type":"article","og_title":"Interview de Joann GOMEZ : Responsable Logistique - ADDEV Materials","og_description":"Interview de Joann GOMEZ : Responsable Logistique Nom :\u00a0Joann GOMEZ Fonction :\u00a0Responsable logistique chez ANDPAK Anciennet\u00e9, responsabilit\u00e9s et exp\u00e9rience chez ANDPAK (ADDEV Materials) :\u00a0Ma carri\u00e8re chez Andpak a commenc\u00e9 en 2010 en tant que technicienne d\u2019emballage en int\u00e9rim. J&rsquo;ai travaill\u00e9 sur diff\u00e9rentes lignes de production en acqu\u00e9rant des connaissances et de l\u2019exp\u00e9rience dans les diff\u00e9rents [&hellip;]","og_url":"https:\/\/addevmaterials.com\/nl\/interview-met-joann-gomez-logistiek-manager\/","og_site_name":"ADDEV Materials","article_modified_time":"2026-02-22T20:48:56+00:00","og_image":[{"width":625,"height":375,"url":"https:\/\/addevmaterials.com\/wp-content\/uploads\/2023\/11\/famille2-1.png","type":"image\/png"}],"twitter_card":"summary_large_image","twitter_misc":{"Geschatte leestijd":"5 minuten"},"schema":{"@context":"https:\/\/schema.org","@graph":[{"@type":"WebPage","@id":"https:\/\/addevmaterials.com\/interview-de-joann-gomez-responsable-logistique\/","url":"https:\/\/addevmaterials.com\/interview-de-joann-gomez-responsable-logistique\/","name":"Interview met Joann GOMEZ: Logistiek manager - ADDEV Materials","isPartOf":{"@id":"https:\/\/addevmaterials.com\/fr\/#website"},"primaryImageOfPage":{"@id":"https:\/\/addevmaterials.com\/interview-de-joann-gomez-responsable-logistique\/#primaryimage"},"image":{"@id":"https:\/\/addevmaterials.com\/interview-de-joann-gomez-responsable-logistique\/#primaryimage"},"thumbnailUrl":"https:\/\/addevmaterials.com\/wp-content\/uploads\/2023\/11\/famille2-1.png","datePublished":"2024-03-06T10:52:01+00:00","dateModified":"2026-02-22T20:48:56+00:00","breadcrumb":{"@id":"https:\/\/addevmaterials.com\/interview-de-joann-gomez-responsable-logistique\/#breadcrumb"},"inLanguage":"nl-BE","potentialAction":[{"@type":"ReadAction","target":["https:\/\/addevmaterials.com\/interview-de-joann-gomez-responsable-logistique\/"]}]},{"@type":"ImageObject","inLanguage":"nl-BE","@id":"https:\/\/addevmaterials.com\/interview-de-joann-gomez-responsable-logistique\/#primaryimage","url":"https:\/\/addevmaterials.com\/wp-content\/uploads\/2023\/11\/famille2-1.png","contentUrl":"https:\/\/addevmaterials.com\/wp-content\/uploads\/2023\/11\/famille2-1.png","width":625,"height":375},{"@type":"BreadcrumbList","@id":"https:\/\/addevmaterials.com\/interview-de-joann-gomez-responsable-logistique\/#breadcrumb","itemListElement":[{"@type":"ListItem","position":1,"name":"Accueil","item":"https:\/\/addevmaterials.com\/"},{"@type":"ListItem","position":2,"name":"Interview de Joann GOMEZ : Responsable Logistique"}]},{"@type":"WebSite","@id":"https:\/\/addevmaterials.com\/fr\/#website","url":"https:\/\/addevmaterials.com\/fr\/","name":"ADDEV Materials","description":"","potentialAction":[{"@type":"SearchAction","target":{"@type":"EntryPoint","urlTemplate":"https:\/\/addevmaterials.com\/fr\/?s={search_term_string}"},"query-input":{"@type":"PropertyValueSpecification","valueRequired":true,"valueName":"search_term_string"}}],"inLanguage":"nl-BE"}]}},"distributor_meta":false,"distributor_terms":false,"distributor_media":false,"distributor_original_site_name":"ADDEV Materials","distributor_original_site_url":"https:\/\/addevmaterials.com\/nl","push-errors":false,"_links":{"self":[{"href":"https:\/\/addevmaterials.com\/nl\/wp-json\/wp\/v2\/pages\/4894","targetHints":{"allow":["GET"]}}],"collection":[{"href":"https:\/\/addevmaterials.com\/nl\/wp-json\/wp\/v2\/pages"}],"about":[{"href":"https:\/\/addevmaterials.com\/nl\/wp-json\/wp\/v2\/types\/page"}],"author":[{"embeddable":true,"href":"https:\/\/addevmaterials.com\/nl\/wp-json\/wp\/v2\/users\/2"}],"replies":[{"embeddable":true,"href":"https:\/\/addevmaterials.com\/nl\/wp-json\/wp\/v2\/comments?post=4894"}],"version-history":[{"count":16,"href":"https:\/\/addevmaterials.com\/nl\/wp-json\/wp\/v2\/pages\/4894\/revisions"}],"predecessor-version":[{"id":10285,"href":"https:\/\/addevmaterials.com\/nl\/wp-json\/wp\/v2\/pages\/4894\/revisions\/10285"}],"wp:featuredmedia":[{"embeddable":true,"href":"https:\/\/addevmaterials.com\/nl\/wp-json\/wp\/v2\/media\/4496"}],"wp:attachment":[{"href":"https:\/\/addevmaterials.com\/nl\/wp-json\/wp\/v2\/media?parent=4894"}],"curies":[{"name":"wp","href":"https:\/\/api.w.org\/{rel}","templated":true}]}}